{"id":3749,"date":"2024-02-16T09:19:16","date_gmt":"2024-02-16T08:19:16","guid":{"rendered":"https:\/\/osdobje.splet.arnes.si\/?page_id=3749"},"modified":"2024-02-16T09:21:59","modified_gmt":"2024-02-16T08:21:59","slug":"kulturna-sola","status":"publish","type":"page","link":"https:\/\/osdobje.splet.arnes.si\/?page_id=3749","title":{"rendered":"Kulturna \u0161ola"},"content":{"rendered":"\n<p>Z ve\u010dletnim delom na kulturnem podro\u010dju smo v \u0161olskem letu 2022\/2023 pridobili naziv <strong>KULTURNA \u0160OLA<\/strong>, katerega bomo s ponosom nosili tudi v \u0161olskem letu 2023\/2024 in naprej.<\/p>\n\n\n\n<figure class=\"wp-block-image size-full\"><a href=\"https:\/\/osdobje.splet.arnes.si\/files\/2024\/02\/Kulturna-sola.png\"><img loading=\"lazy\" decoding=\"async\" width=\"945\" height=\"337\" src=\"https:\/\/osdobje.splet.arnes.si\/files\/2024\/02\/Kulturna-sola.png\" alt=\"\" class=\"wp-image-3750\" srcset=\"https:\/\/osdobje.splet.arnes.si\/files\/2024\/02\/Kulturna-sola.png 945w, https:\/\/osdobje.splet.arnes.si\/files\/2024\/02\/Kulturna-sola-300x107.png 300w, https:\/\/osdobje.splet.arnes.si\/files\/2024\/02\/Kulturna-sola-768x274.png 768w, https:\/\/osdobje.splet.arnes.si\/files\/2024\/02\/Kulturna-sola-500x178.png 500w\" sizes=\"auto, (max-width: 945px) 100vw, 945px\" \/><\/a><\/figure>\n\n\n\n<p>Kulturna \u0161ola je projekt, ki je namenjen predvsem ob\u0161olskim dejavnostim s podro\u010dja kulture v osnovnih \u0161olah in ima jasen cilj \u2013 dvigniti kvaliteto in obseg aktivnega in pasivnega kulturnega udejstvovanja u\u010dencev in njihovih star\u0161ev, starih star\u0161ev ter mentorjev v sklopu ob\u0161olskih dejavnosti, ki niso del \u0161olskega kurikula.<\/p>\n\n\n\n<p>Na na\u0161i osnovni \u0161oli si prizadevamo za ustrezno kulturno vzgojo, ustvarjalnost mladih na raznolikih kulturnih podro\u010djih, podpiramo dose\u017eke ter skrbimo za izobra\u017eevanje udele\u017eencev in mentorjev kulturnega udejstvovanja.<\/p>\n\n\n\n<p>Kulturna \u0161ola na\u010drtno povezuje kulturno in \u0161olsko sfero, ki sta v procesu kulturne vzgoje in izobra\u017eevanja partnerici.<\/p>\n\n\n\n<p>Svoje delo bomo redno predstavljali na \u0161olskih in javnih prireditvah, prepri\u010dani pa smo, da bo dober glas o na\u0161ih kulturnih dejavnostih segal tudi izven prostorov na\u0161e \u0161ole.<\/p>\n\n\n\n<p>(Vir: <a href=\"https:\/\/www.jskd.si\/financiranje\/poziv_kulturna_sola\/2020\/o_kulsola_20.htm\">JSKD<\/a>)<\/p>\n","protected":false},"excerpt":{"rendered":"<p>Z ve\u010dletnim delom na kulturnem podro\u010dju smo v \u0161olskem letu 2022\/2023 pridobili naziv KULTURNA \u0160OLA, katerega bomo s ponosom nosili tudi v \u0161olskem letu 2023\/2024 in naprej. Kulturna \u0161ola je projekt, ki je namenjen predvsem ob\u0161olskim dejavnostim s podro\u010dja kulture &hellip; <a href=\"https:\/\/osdobje.splet.arnes.si\/?page_id=3749\">Beri naprej <span class=\"meta-nav\">&rarr;<\/span><\/a><\/p>\n","protected":false},"author":89974,"featured_media":0,"parent":0,"menu_order":0,"comment_status":"closed","ping_status":"closed","template":"","meta":{"ngg_post_thumbnail":0,"footnotes":""},"class_list":["post-3749","page","type-page","status-publish","hentry"],"_links":{"self":[{"href":"https:\/\/osdobje.splet.arnes.si\/index.php?rest_route=\/wp\/v2\/pages\/3749","targetHints":{"allow":["GET"]}}],"collection":[{"href":"https:\/\/osdobje.splet.arnes.si\/index.php?rest_route=\/wp\/v2\/pages"}],"about":[{"href":"https:\/\/osdobje.splet.arnes.si\/index.php?rest_route=\/wp\/v2\/types\/page"}],"author":[{"embeddable":true,"href":"https:\/\/osdobje.splet.arnes.si\/index.php?rest_route=\/wp\/v2\/users\/89974"}],"replies":[{"embeddable":true,"href":"https:\/\/osdobje.splet.arnes.si\/index.php?rest_route=%2Fwp%2Fv2%2Fcomments&post=3749"}],"version-history":[{"count":2,"href":"https:\/\/osdobje.splet.arnes.si\/index.php?rest_route=\/wp\/v2\/pages\/3749\/revisions"}],"predecessor-version":[{"id":3753,"href":"https:\/\/osdobje.splet.arnes.si\/index.php?rest_route=\/wp\/v2\/pages\/3749\/revisions\/3753"}],"wp:attachment":[{"href":"https:\/\/osdobje.splet.arnes.si\/index.php?rest_route=%2Fwp%2Fv2%2Fmedia&parent=3749"}],"curies":[{"name":"wp","href":"https:\/\/api.w.org\/{rel}","templated":true}]}}